{"id":2892,"date":"2022-08-08T16:25:07","date_gmt":"2022-08-08T16:25:07","guid":{"rendered":"https:\/\/observatoirenature.org\/observatorio\/?page_id=2892"},"modified":"2024-03-16T16:15:33","modified_gmt":"2024-03-16T16:15:33","slug":"blog2","status":"publish","type":"page","link":"https:\/\/observatoirenature.org\/observatorio\/blog2\/","title":{"rendered":"Blog"},"content":{"rendered":"\t\t<div data-elementor-type=\"wp-page\" data-elementor-id=\"2892\" class=\"elementor elementor-2892\" data-elementor-post-type=\"page\">\n\t\t\t\t\t\t<section class=\"elementor-section elementor-top-section elementor-element elementor-element-6a8ab63 elementor-section-content-middle elementor-section-boxed elementor-section-height-default elementor-section-height-default\" data-id=\"6a8ab63\" data-element_type=\"section\" data-settings=\"{&quot;background_background&quot;:&quot;classic&quot;}\">\n\t\t\t\t\t\t\t<div class=\"elementor-background-overlay\"><\/div>\n\t\t\t\t\t\t\t<div class=\"elementor-container elementor-column-gap-no\">\n\t\t\t\t\t<div class=\"elementor-column elementor-col-100 elementor-top-column elementor-element elementor-element-23052a8\" data-id=\"23052a8\" data-element_type=\"column\">\n\t\t\t<div class=\"elementor-widget-wrap elementor-element-populated\">\n\t\t\t\t\t\t<div class=\"elementor-element elementor-element-24c448d elementor-invisible elementor-widget elementor-widget-heading\" data-id=\"24c448d\" data-element_type=\"widget\" data-settings=\"{&quot;_animation&quot;:&quot;slideInDown&quot;}\" data-widget_type=\"heading.default\">\n\t\t\t\t<div class=\"elementor-widget-container\">\n\t\t\t\t\t<h2 class=\"elementor-heading-title elementor-size-default\">Blog<\/h2>\t\t\t\t<\/div>\n\t\t\t\t<\/div>\n\t\t\t\t\t<\/div>\n\t\t<\/div>\n\t\t\t\t\t<\/div>\n\t\t<\/section>\n\t\t\t\t<section class=\"elementor-section elementor-top-section elementor-element elementor-element-7bfc8db elementor-section-boxed elementor-section-height-default elementor-section-height-default\" data-id=\"7bfc8db\" data-element_type=\"section\">\n\t\t\t\t\t\t<div class=\"elementor-container elementor-column-gap-default\">\n\t\t\t\t\t<div class=\"elementor-column elementor-col-100 elementor-top-column elementor-element elementor-element-821eb6e\" data-id=\"821eb6e\" data-element_type=\"column\">\n\t\t\t<div class=\"elementor-widget-wrap elementor-element-populated\">\n\t\t\t\t\t\t<div class=\"elementor-element elementor-element-2cf33ba elementor-grid-3 elementor-grid-tablet-2 elementor-grid-mobile-1 elementor-posts--align-left elementor-widget elementor-widget-blogmentor_blog_posts\" data-id=\"2cf33ba\" data-element_type=\"widget\" data-settings=\"{&quot;bm_grid_columns&quot;:&quot;3&quot;,&quot;bm_grid_columns_tablet&quot;:&quot;2&quot;,&quot;bm_grid_columns_mobile&quot;:&quot;1&quot;,&quot;post_card_grid_gap&quot;:{&quot;unit&quot;:&quot;px&quot;,&quot;size&quot;:10,&quot;sizes&quot;:[]},&quot;post_card_row_gap&quot;:{&quot;unit&quot;:&quot;px&quot;,&quot;size&quot;:35,&quot;sizes&quot;:[]}}\" data-widget_type=\"blogmentor_blog_posts.default\">\n\t\t\t\t<div class=\"elementor-widget-container\">\n\t\t\t\t\t\t\t\n\t\t\t\t\t\t\t\t<div class=\"bm-blog-posts-wrapper\" >\n\t\t\t\t\t\t\t<div class=\"bm-blog-posts bm-display-grid elementor-grid elementor-grid-3\" >\n\t\t\t\t    <article id=\"post-3854\" class=\"item bm_layout post-3854 post type-post status-publish format-standard has-post-thumbnail hentry category-uncategorized\">\n\t\t<div class=\"bm-blog-post-image entry-post-image\">\n\t\t\t<div class=\"bm-post-image clearfix bm-hover-effect bm-hover-effect-blur\">\n\t\t\t\t<img fetchpriority=\"high\" decoding=\"async\" width=\"250\" height=\"250\" src=\"https:\/\/observatoirenature.org\/observatorio\/wp-content\/uploads\/2023\/04\/ONU-250x250.jpg\" class=\"attachment-bm-post-thumb size-bm-post-thumb wp-post-image\" alt=\"\" srcset=\"https:\/\/observatoirenature.org\/observatorio\/wp-content\/uploads\/2023\/04\/ONU-250x250.jpg 250w, https:\/\/observatoirenature.org\/observatorio\/wp-content\/uploads\/2023\/04\/ONU-150x150.jpg 150w\" sizes=\"(max-width: 250px) 100vw, 250px\" \/>\t\t\t<\/div>\n\t\t<\/div>\n        <div class=\"bm-blog-post-content bm_content_box\">\n            <h4 class=\"entry-post-title bm_title\"><a href=\"https:\/\/observatoirenature.org\/observatorio\/2023\/04\/05\/un-droit-de-leau-pour-un-droit-a-leau\/\" rel=\"bookmark\">Un droit de l\u2019eau pour un droit \u00e0 l\u2019eau<\/a><\/h4>            <div class=\"bm-blog-post-meta entry-post-meta bm_meta\">\n                <span class=\"byauthor\"><i class=\"fa fa-user\" aria-hidden=\"true\"><\/i><span class=\"screen-reader-text\">Posted by<\/span><span class=\"author vcard\"><a class=\"url fn n\" href=\"https:\/\/observatoirenature.org\/observatorio\/author\/adminobsesrvatorio\/\">OIDN<\/a><\/span><\/span><span class=\"posted-on\"><i class=\"fa fa-clock\" aria-hidden=\"true\"><\/i><a href=\"https:\/\/observatoirenature.org\/observatorio\/2023\/04\/05\/un-droit-de-leau-pour-un-droit-a-leau\/\" rel=\"bookmark\">April 5, 2023<\/a><\/span><span class=\"comments-link\"><i class=\"fa fa-comments\" aria-hidden=\"true\"><\/i>2<\/span><span class=\"cat-links\"><i class=\"fa fa-list-alt\" aria-hidden=\"true\"><\/i>\n<span class=\"screen-reader-text\">Posted in<\/span><a href=\"https:\/\/observatoirenature.org\/observatorio\/category\/uncategorized\/\" rel=\"category tag\">Uncategorized<\/a><\/span>            <\/div>\n            <div class=\"entry-post-content bm_content\">\n                Retour sur la Conf\u00e9rence des Nations Unies sur l\u2019eau 2023 Par In\u00e8s Benadda, avocate et vice-pr\u00e9sidente \u00e0 l\u2019OIDN et Yenny Vega Cardenas, avocate et pr\u00e9sidente <div><a href=\"https:\/\/observatoirenature.org\/observatorio\/2023\/04\/05\/un-droit-de-leau-pour-un-droit-a-leau\/\" rel=\"bookmark\" class=\"bm-read-more entry-read-more\">Read More \u00bb<\/a><div>            <\/div>\n        <\/div>\n    <\/article>\n    <article id=\"post-9294\" class=\"item bm_layout post-9294 post type-post status-publish format-standard has-post-thumbnail hentry category-derechos-de-la-naturaleza category-sin-categoria-es\">\n\t\t<div class=\"bm-blog-post-image entry-post-image\">\n\t\t\t<div class=\"bm-post-image clearfix bm-hover-effect bm-hover-effect-blur\">\n\t\t\t\t<img decoding=\"async\" width=\"250\" height=\"250\" src=\"https:\/\/observatoirenature.org\/observatorio\/wp-content\/uploads\/2025\/10\/karthik-sreenivas-meHsL0qPxTs-unsplash-250x250.jpg\" class=\"attachment-bm-post-thumb size-bm-post-thumb wp-post-image\" alt=\"\" srcset=\"https:\/\/observatoirenature.org\/observatorio\/wp-content\/uploads\/2025\/10\/karthik-sreenivas-meHsL0qPxTs-unsplash-250x250.jpg 250w, https:\/\/observatoirenature.org\/observatorio\/wp-content\/uploads\/2025\/10\/karthik-sreenivas-meHsL0qPxTs-unsplash-150x150.jpg 150w\" sizes=\"(max-width: 250px) 100vw, 250px\" \/>\t\t\t<\/div>\n\t\t<\/div>\n        <div class=\"bm-blog-post-content bm_content_box\">\n            <h4 class=\"entry-post-title bm_title\"><a href=\"https:\/\/observatoirenature.org\/observatorio\/es\/2025\/10\/28\/la-mocion-067-vivir-en-armonia-con-los-rios-respetando-los-derechos-de-la-naturaleza-y-el-derecho-ecocentrico-un-nuevo-paso-hacia-el-reconocimiento-universa\/\" rel=\"bookmark\">La Moci\u00f3n 067 \u2013 \u00ab \u200b\u200bVivir en armon\u00eda con los r\u00edos respetando los derechos de la Naturaleza y el derecho ecoc\u00e9ntrico \u00bb : un nuevo paso hacia el reconocimiento universal de los derechos de los ecosistemas acu\u00e1ticos<\/a><\/h4>            <div class=\"bm-blog-post-meta entry-post-meta bm_meta\">\n                <span class=\"byauthor\"><i class=\"fa fa-user\" aria-hidden=\"true\"><\/i><span class=\"screen-reader-text\">Posted by<\/span><span class=\"author vcard\"><a class=\"url fn n\" href=\"https:\/\/observatoirenature.org\/observatorio\/author\/elisa\/\">Elisa Mairet<\/a><\/span><\/span><span class=\"posted-on\"><i class=\"fa fa-clock\" aria-hidden=\"true\"><\/i><a href=\"https:\/\/observatoirenature.org\/observatorio\/es\/2025\/10\/28\/la-mocion-067-vivir-en-armonia-con-los-rios-respetando-los-derechos-de-la-naturaleza-y-el-derecho-ecocentrico-un-nuevo-paso-hacia-el-reconocimiento-universa\/\" rel=\"bookmark\">October 28, 2025<\/a><\/span><span class=\"comments-link\"><i class=\"fa fa-comments\" aria-hidden=\"true\"><\/i>0<\/span><span class=\"cat-links\"><i class=\"fa fa-list-alt\" aria-hidden=\"true\"><\/i>\n<span class=\"screen-reader-text\">Posted in<\/span><a href=\"https:\/\/observatoirenature.org\/observatorio\/es\/category\/derechos-de-la-naturaleza\/\" rel=\"category tag\">Derechos de la Naturaleza<\/a>, <a href=\"https:\/\/observatoirenature.org\/observatorio\/es\/category\/sin-categoria-es\/\" rel=\"category tag\">Sin categor\u00eda<\/a><\/span>            <\/div>\n            <div class=\"entry-post-content bm_content\">\n                La Moci\u00f3n 067 - \u00ab \u200b\u200bVivir en armon\u00eda con los r\u00edos respetando los derechos de la Naturaleza y el derecho ecoc\u00e9ntrico \u00bb : un nuevo <div><a href=\"https:\/\/observatoirenature.org\/observatorio\/es\/2025\/10\/28\/la-mocion-067-vivir-en-armonia-con-los-rios-respetando-los-derechos-de-la-naturaleza-y-el-derecho-ecocentrico-un-nuevo-paso-hacia-el-reconocimiento-universa\/\" rel=\"bookmark\" class=\"bm-read-more entry-read-more\">Read More \u00bb<\/a><div>            <\/div>\n        <\/div>\n    <\/article>\n    <article id=\"post-9271\" class=\"item bm_layout post-9271 post type-post status-publish format-standard has-post-thumbnail hentry category-rights-of-nature category-sin-categoria-en\">\n\t\t<div class=\"bm-blog-post-image entry-post-image\">\n\t\t\t<div class=\"bm-post-image clearfix bm-hover-effect bm-hover-effect-blur\">\n\t\t\t\t<img decoding=\"async\" width=\"250\" height=\"250\" src=\"https:\/\/observatoirenature.org\/observatorio\/wp-content\/uploads\/2025\/10\/karthik-sreenivas-meHsL0qPxTs-unsplash-250x250.jpg\" class=\"attachment-bm-post-thumb size-bm-post-thumb wp-post-image\" alt=\"\" srcset=\"https:\/\/observatoirenature.org\/observatorio\/wp-content\/uploads\/2025\/10\/karthik-sreenivas-meHsL0qPxTs-unsplash-250x250.jpg 250w, https:\/\/observatoirenature.org\/observatorio\/wp-content\/uploads\/2025\/10\/karthik-sreenivas-meHsL0qPxTs-unsplash-150x150.jpg 150w\" sizes=\"(max-width: 250px) 100vw, 250px\" \/>\t\t\t<\/div>\n\t\t<\/div>\n        <div class=\"bm-blog-post-content bm_content_box\">\n            <h4 class=\"entry-post-title bm_title\"><a href=\"https:\/\/observatoirenature.org\/observatorio\/en\/2025\/10\/27\/motion-067-living-in-harmony-with-rivers-through-the-rights-of-nature-and-ecocentric-law-a-new-step-towards-universal-recognition-of-the-rights-of-aquatic-ecosystems\/\" rel=\"bookmark\">Motion 067 &#8211; \u201cLiving in harmony with rivers through the rights of Nature and ecocentric law\u201d: a new step towards universal recognition of the rights of aquatic ecosystems.<\/a><\/h4>            <div class=\"bm-blog-post-meta entry-post-meta bm_meta\">\n                <span class=\"byauthor\"><i class=\"fa fa-user\" aria-hidden=\"true\"><\/i><span class=\"screen-reader-text\">Posted by<\/span><span class=\"author vcard\"><a class=\"url fn n\" href=\"https:\/\/observatoirenature.org\/observatorio\/author\/elisa\/\">Elisa Mairet<\/a><\/span><\/span><span class=\"posted-on\"><i class=\"fa fa-clock\" aria-hidden=\"true\"><\/i><a href=\"https:\/\/observatoirenature.org\/observatorio\/en\/2025\/10\/27\/motion-067-living-in-harmony-with-rivers-through-the-rights-of-nature-and-ecocentric-law-a-new-step-towards-universal-recognition-of-the-rights-of-aquatic-ecosystems\/\" rel=\"bookmark\">October 27, 2025<\/a><\/span><span class=\"comments-link\"><i class=\"fa fa-comments\" aria-hidden=\"true\"><\/i>0<\/span><span class=\"cat-links\"><i class=\"fa fa-list-alt\" aria-hidden=\"true\"><\/i>\n<span class=\"screen-reader-text\">Posted in<\/span><a href=\"https:\/\/observatoirenature.org\/observatorio\/en\/category\/rights-of-nature\/\" rel=\"category tag\">Rights of nature<\/a>, <a href=\"https:\/\/observatoirenature.org\/observatorio\/en\/category\/sin-categoria-en\/\" rel=\"category tag\">Sin categor\u00eda<\/a><\/span>            <\/div>\n            <div class=\"entry-post-content bm_content\">\n                Motion 067 - \u201cLiving in harmony with rivers through the rights of Nature and ecocentric law\u201d: a new step towards universal recognition of the rights <div><a href=\"https:\/\/observatoirenature.org\/observatorio\/en\/2025\/10\/27\/motion-067-living-in-harmony-with-rivers-through-the-rights-of-nature-and-ecocentric-law-a-new-step-towards-universal-recognition-of-the-rights-of-aquatic-ecosystems\/\" rel=\"bookmark\" class=\"bm-read-more entry-read-more\">Read More \u00bb<\/a><div>            <\/div>\n        <\/div>\n    <\/article>\n    <article id=\"post-9258\" class=\"item bm_layout post-9258 post type-post status-publish format-standard has-post-thumbnail hentry category-droits-de-la-nature category-uncategorized\">\n\t\t<div class=\"bm-blog-post-image entry-post-image\">\n\t\t\t<div class=\"bm-post-image clearfix bm-hover-effect bm-hover-effect-blur\">\n\t\t\t\t<img decoding=\"async\" width=\"250\" height=\"250\" src=\"https:\/\/observatoirenature.org\/observatorio\/wp-content\/uploads\/2025\/10\/karthik-sreenivas-meHsL0qPxTs-unsplash-250x250.jpg\" class=\"attachment-bm-post-thumb size-bm-post-thumb wp-post-image\" alt=\"\" srcset=\"https:\/\/observatoirenature.org\/observatorio\/wp-content\/uploads\/2025\/10\/karthik-sreenivas-meHsL0qPxTs-unsplash-250x250.jpg 250w, https:\/\/observatoirenature.org\/observatorio\/wp-content\/uploads\/2025\/10\/karthik-sreenivas-meHsL0qPxTs-unsplash-150x150.jpg 150w\" sizes=\"(max-width: 250px) 100vw, 250px\" \/>\t\t\t<\/div>\n\t\t<\/div>\n        <div class=\"bm-blog-post-content bm_content_box\">\n            <h4 class=\"entry-post-title bm_title\"><a href=\"https:\/\/observatoirenature.org\/observatorio\/2025\/10\/27\/la-motion-067-vivre-en-harmonie-avec-les-cours-deau-grace-aux-droits-de-la-nature-et-au-droit-ecocentrique-une-nouvelle-etape-vers-la-reconnaissance-universelle-des-droits-d\/\" rel=\"bookmark\">La Motion 067 &#8211; \u00ab Vivre en harmonie avec les cours d\u2019eau gr\u00e2ce aux droits de la Nature et au droit \u00e9cocentrique \u00bb : une nouvelle \u00e9tape vers la reconnaissance universelle des droits des \u00e9cosyst\u00e8mes aquatiques<\/a><\/h4>            <div class=\"bm-blog-post-meta entry-post-meta bm_meta\">\n                <span class=\"byauthor\"><i class=\"fa fa-user\" aria-hidden=\"true\"><\/i><span class=\"screen-reader-text\">Posted by<\/span><span class=\"author vcard\"><a class=\"url fn n\" href=\"https:\/\/observatoirenature.org\/observatorio\/author\/elisa\/\">Elisa Mairet<\/a><\/span><\/span><span class=\"posted-on\"><i class=\"fa fa-clock\" aria-hidden=\"true\"><\/i><a href=\"https:\/\/observatoirenature.org\/observatorio\/2025\/10\/27\/la-motion-067-vivre-en-harmonie-avec-les-cours-deau-grace-aux-droits-de-la-nature-et-au-droit-ecocentrique-une-nouvelle-etape-vers-la-reconnaissance-universelle-des-droits-d\/\" rel=\"bookmark\">October 27, 2025<\/a><\/span><span class=\"comments-link\"><i class=\"fa fa-comments\" aria-hidden=\"true\"><\/i>0<\/span><span class=\"cat-links\"><i class=\"fa fa-list-alt\" aria-hidden=\"true\"><\/i>\n<span class=\"screen-reader-text\">Posted in<\/span><a href=\"https:\/\/observatoirenature.org\/observatorio\/category\/droits-de-la-nature\/\" rel=\"category tag\">Droits de la nature<\/a>, <a href=\"https:\/\/observatoirenature.org\/observatorio\/category\/uncategorized\/\" rel=\"category tag\">Uncategorized<\/a><\/span>            <\/div>\n            <div class=\"entry-post-content bm_content\">\n                La Motion 067 - \u00ab Vivre en harmonie avec les cours d\u2019eau gr\u00e2ce aux droits de la Nature et au droit \u00e9cocentrique \u00bb : une <div><a href=\"https:\/\/observatoirenature.org\/observatorio\/2025\/10\/27\/la-motion-067-vivre-en-harmonie-avec-les-cours-deau-grace-aux-droits-de-la-nature-et-au-droit-ecocentrique-une-nouvelle-etape-vers-la-reconnaissance-universelle-des-droits-d\/\" rel=\"bookmark\" class=\"bm-read-more entry-read-more\">Read More \u00bb<\/a><div>            <\/div>\n        <\/div>\n    <\/article>\n    <article id=\"post-9130\" class=\"item bm_layout post-9130 post type-post status-publish format-standard has-post-thumbnail hentry category-derechos-de-la-naturaleza category-sin-categoria-es\">\n\t\t<div class=\"bm-blog-post-image entry-post-image\">\n\t\t\t<div class=\"bm-post-image clearfix bm-hover-effect bm-hover-effect-blur\">\n\t\t\t\t<img decoding=\"async\" width=\"250\" height=\"250\" src=\"https:\/\/observatoirenature.org\/observatorio\/wp-content\/uploads\/2025\/09\/PbN_Gl_ZoMk-250x250.webp\" class=\"attachment-bm-post-thumb size-bm-post-thumb wp-post-image\" alt=\"\" srcset=\"https:\/\/observatoirenature.org\/observatorio\/wp-content\/uploads\/2025\/09\/PbN_Gl_ZoMk-250x250.webp 250w, https:\/\/observatoirenature.org\/observatorio\/wp-content\/uploads\/2025\/09\/PbN_Gl_ZoMk-150x150.webp 150w\" sizes=\"(max-width: 250px) 100vw, 250px\" \/>\t\t\t<\/div>\n\t\t<\/div>\n        <div class=\"bm-blog-post-content bm_content_box\">\n            <h4 class=\"entry-post-title bm_title\"><a href=\"https:\/\/observatoirenature.org\/observatorio\/es\/2025\/09\/24\/derechos-de-la-naturaleza-y-responsabilidad-climatica-una-comparacion-estrategica-entre-la-opinion-de-la-cij-y-la-corte-interamericana-de-derechos-humanos\/\" rel=\"bookmark\">Derechos de la Naturaleza y responsabilidad clim\u00e1tica: una comparaci\u00f3n estrat\u00e9gica entre la opini\u00f3n de la CIJ y la Corte Interamericana de Derechos Humanos<\/a><\/h4>            <div class=\"bm-blog-post-meta entry-post-meta bm_meta\">\n                <span class=\"byauthor\"><i class=\"fa fa-user\" aria-hidden=\"true\"><\/i><span class=\"screen-reader-text\">Posted by<\/span><span class=\"author vcard\"><a class=\"url fn n\" href=\"https:\/\/observatoirenature.org\/observatorio\/author\/adminobsesrvatorio\/\">OIDN<\/a><\/span><\/span><span class=\"posted-on\"><i class=\"fa fa-clock\" aria-hidden=\"true\"><\/i><a href=\"https:\/\/observatoirenature.org\/observatorio\/es\/2025\/09\/24\/derechos-de-la-naturaleza-y-responsabilidad-climatica-una-comparacion-estrategica-entre-la-opinion-de-la-cij-y-la-corte-interamericana-de-derechos-humanos\/\" rel=\"bookmark\">September 24, 2025<\/a><\/span><span class=\"comments-link\"><i class=\"fa fa-comments\" aria-hidden=\"true\"><\/i>0<\/span><span class=\"cat-links\"><i class=\"fa fa-list-alt\" aria-hidden=\"true\"><\/i>\n<span class=\"screen-reader-text\">Posted in<\/span><a href=\"https:\/\/observatoirenature.org\/observatorio\/es\/category\/derechos-de-la-naturaleza\/\" rel=\"category tag\">Derechos de la Naturaleza<\/a>, <a href=\"https:\/\/observatoirenature.org\/observatorio\/es\/category\/sin-categoria-es\/\" rel=\"category tag\">Sin categor\u00eda<\/a><\/span>            <\/div>\n            <div class=\"entry-post-content bm_content\">\n                Inicio | Blog | Derechos de la Naturaleza y responsabilidad clim\u00e1tica: una comparaci\u00f3n estrat\u00e9gica entre la opini\u00f3n de la CIJ y la Corte Interamericana de <div><a href=\"https:\/\/observatoirenature.org\/observatorio\/es\/2025\/09\/24\/derechos-de-la-naturaleza-y-responsabilidad-climatica-una-comparacion-estrategica-entre-la-opinion-de-la-cij-y-la-corte-interamericana-de-derechos-humanos\/\" rel=\"bookmark\" class=\"bm-read-more entry-read-more\">Read More \u00bb<\/a><div>            <\/div>\n        <\/div>\n    <\/article>\n    <article id=\"post-9113\" class=\"item bm_layout post-9113 post type-post status-publish format-standard has-post-thumbnail hentry category-rights-of-nature category-sin-categoria-en\">\n\t\t<div class=\"bm-blog-post-image entry-post-image\">\n\t\t\t<div class=\"bm-post-image clearfix bm-hover-effect bm-hover-effect-blur\">\n\t\t\t\t<img decoding=\"async\" width=\"250\" height=\"250\" src=\"https:\/\/observatoirenature.org\/observatorio\/wp-content\/uploads\/2025\/09\/PbN_Gl_ZoMk-250x250.webp\" class=\"attachment-bm-post-thumb size-bm-post-thumb wp-post-image\" alt=\"\" srcset=\"https:\/\/observatoirenature.org\/observatorio\/wp-content\/uploads\/2025\/09\/PbN_Gl_ZoMk-250x250.webp 250w, https:\/\/observatoirenature.org\/observatorio\/wp-content\/uploads\/2025\/09\/PbN_Gl_ZoMk-150x150.webp 150w\" sizes=\"(max-width: 250px) 100vw, 250px\" \/>\t\t\t<\/div>\n\t\t<\/div>\n        <div class=\"bm-blog-post-content bm_content_box\">\n            <h4 class=\"entry-post-title bm_title\"><a href=\"https:\/\/observatoirenature.org\/observatorio\/en\/2025\/09\/24\/rights-of-nature-and-climate-responsibility-a-strategic-comparison-between-the-icj-opinion-and-the-inter-american-court-of-human-rights\/\" rel=\"bookmark\">Rights of Nature and Climate Responsibility: A Strategic Comparison Between the ICJ Opinion and the Inter-American Court of Human Rights<\/a><\/h4>            <div class=\"bm-blog-post-meta entry-post-meta bm_meta\">\n                <span class=\"byauthor\"><i class=\"fa fa-user\" aria-hidden=\"true\"><\/i><span class=\"screen-reader-text\">Posted by<\/span><span class=\"author vcard\"><a class=\"url fn n\" href=\"https:\/\/observatoirenature.org\/observatorio\/author\/dario-ernesto-roca\/\">Dario Ernesto Roca<\/a><\/span><\/span><span class=\"posted-on\"><i class=\"fa fa-clock\" aria-hidden=\"true\"><\/i><a href=\"https:\/\/observatoirenature.org\/observatorio\/en\/2025\/09\/24\/rights-of-nature-and-climate-responsibility-a-strategic-comparison-between-the-icj-opinion-and-the-inter-american-court-of-human-rights\/\" rel=\"bookmark\">September 24, 2025<\/a><\/span><span class=\"comments-link\"><i class=\"fa fa-comments\" aria-hidden=\"true\"><\/i>0<\/span><span class=\"cat-links\"><i class=\"fa fa-list-alt\" aria-hidden=\"true\"><\/i>\n<span class=\"screen-reader-text\">Posted in<\/span><a href=\"https:\/\/observatoirenature.org\/observatorio\/en\/category\/rights-of-nature\/\" rel=\"category tag\">Rights of nature<\/a>, <a href=\"https:\/\/observatoirenature.org\/observatorio\/en\/category\/sin-categoria-en\/\" rel=\"category tag\">Sin categor\u00eda<\/a><\/span>            <\/div>\n            <div class=\"entry-post-content bm_content\">\n                Home | Blog | Rights of Nature and Climate Responsibility: A Strategic Comparison Between the ICJ Opinion and the Inter-American Court of Human RightsPublished: Sep <div><a href=\"https:\/\/observatoirenature.org\/observatorio\/en\/2025\/09\/24\/rights-of-nature-and-climate-responsibility-a-strategic-comparison-between-the-icj-opinion-and-the-inter-american-court-of-human-rights\/\" rel=\"bookmark\" class=\"bm-read-more entry-read-more\">Read More \u00bb<\/a><div>            <\/div>\n        <\/div>\n    <\/article>\n    <article id=\"post-9087\" class=\"item bm_layout post-9087 post type-post status-publish format-standard has-post-thumbnail hentry category-droits-de-la-nature category-uncategorized\">\n\t\t<div class=\"bm-blog-post-image entry-post-image\">\n\t\t\t<div class=\"bm-post-image clearfix bm-hover-effect bm-hover-effect-blur\">\n\t\t\t\t<img decoding=\"async\" width=\"250\" height=\"250\" src=\"https:\/\/observatoirenature.org\/observatorio\/wp-content\/uploads\/2025\/09\/PbN_Gl_ZoMk-250x250.webp\" class=\"attachment-bm-post-thumb size-bm-post-thumb wp-post-image\" alt=\"\" srcset=\"https:\/\/observatoirenature.org\/observatorio\/wp-content\/uploads\/2025\/09\/PbN_Gl_ZoMk-250x250.webp 250w, https:\/\/observatoirenature.org\/observatorio\/wp-content\/uploads\/2025\/09\/PbN_Gl_ZoMk-150x150.webp 150w\" sizes=\"(max-width: 250px) 100vw, 250px\" \/>\t\t\t<\/div>\n\t\t<\/div>\n        <div class=\"bm-blog-post-content bm_content_box\">\n            <h4 class=\"entry-post-title bm_title\"><a href=\"https:\/\/observatoirenature.org\/observatorio\/2025\/09\/24\/droits-de-la-nature-et-responsabilite-climatique-une-comparaison-strategique-entre-lavis-de-la-cij-et-la-cour-interamericaine-des-droits-de-lhomme\/\" rel=\"bookmark\">Droits de la Nature et responsabilit\u00e9 climatique : une comparaison strat\u00e9gique entre l\u2019avis de la CIJ et la Cour interam\u00e9ricaine des droits de l\u2019homme<\/a><\/h4>            <div class=\"bm-blog-post-meta entry-post-meta bm_meta\">\n                <span class=\"byauthor\"><i class=\"fa fa-user\" aria-hidden=\"true\"><\/i><span class=\"screen-reader-text\">Posted by<\/span><span class=\"author vcard\"><a class=\"url fn n\" href=\"https:\/\/observatoirenature.org\/observatorio\/author\/adminobsesrvatorio\/\">OIDN<\/a><\/span><\/span><span class=\"posted-on\"><i class=\"fa fa-clock\" aria-hidden=\"true\"><\/i><a href=\"https:\/\/observatoirenature.org\/observatorio\/2025\/09\/24\/droits-de-la-nature-et-responsabilite-climatique-une-comparaison-strategique-entre-lavis-de-la-cij-et-la-cour-interamericaine-des-droits-de-lhomme\/\" rel=\"bookmark\">September 24, 2025<\/a><\/span><span class=\"comments-link\"><i class=\"fa fa-comments\" aria-hidden=\"true\"><\/i>0<\/span><span class=\"cat-links\"><i class=\"fa fa-list-alt\" aria-hidden=\"true\"><\/i>\n<span class=\"screen-reader-text\">Posted in<\/span><a href=\"https:\/\/observatoirenature.org\/observatorio\/category\/droits-de-la-nature\/\" rel=\"category tag\">Droits de la nature<\/a>, <a href=\"https:\/\/observatoirenature.org\/observatorio\/category\/uncategorized\/\" rel=\"category tag\">Uncategorized<\/a><\/span>            <\/div>\n            <div class=\"entry-post-content bm_content\">\n                Accueil | Blog | Droits de la Nature et responsabilit\u00e9 climatique : une comparaison strat\u00e9gique entre l\u2019avis de la CIJ et la Cour interam\u00e9ricaine des <div><a href=\"https:\/\/observatoirenature.org\/observatorio\/2025\/09\/24\/droits-de-la-nature-et-responsabilite-climatique-une-comparaison-strategique-entre-lavis-de-la-cij-et-la-cour-interamericaine-des-droits-de-lhomme\/\" rel=\"bookmark\" class=\"bm-read-more entry-read-more\">Read More \u00bb<\/a><div>            <\/div>\n        <\/div>\n    <\/article>\n\t\t\t\t<\/div><\/div>\n\t\t\t\t\t\t\t\t<\/div>\n\t\t\t\t<\/div>\n\t\t\t\t\t<\/div>\n\t\t<\/div>\n\t\t\t\t\t<\/div>\n\t\t<\/section>\n\t\t\t\t<\/div>\n\t\t","protected":false},"excerpt":{"rendered":"<p>Blog Un droit de l\u2019eau pour un droit \u00e0 l\u2019eau Posted byOIDNApril 5, 20230 Posted inUncategorized Retour sur la Conf\u00e9rence des Nations Unies sur l\u2019eau 2023 Par In\u00e8s Benadda, avocate et vice-pr\u00e9sidente \u00e0 l\u2019OIDN et Yenny Vega Cardenas, avocate et pr\u00e9sidente \u00e0 l\u2019OIDN Il s\u2019est pass\u00e9 46 ans depuis la derni\u00e8re Conf\u00e9rence des Nations Unies [&hellip;]<\/p>\n","protected":false},"author":1,"featured_media":0,"parent":0,"menu_order":0,"comment_status":"closed","ping_status":"closed","template":"","meta":{"site-sidebar-layout":"no-sidebar","site-content-layout":"page-builder","ast-site-content-layout":"default","site-content-style":"default","site-sidebar-style":"default","ast-global-header-display":"","ast-banner-title-visibility":"","ast-main-header-display":"","ast-hfb-above-header-display":"","ast-hfb-below-header-display":"","ast-hfb-mobile-header-display":"","site-post-title":"disabled","ast-breadcrumbs-content":"","ast-featured-img":"disabled","footer-sml-layout":"","ast-disable-related-posts":"","theme-transparent-header-meta":"","adv-header-id-meta":"","stick-header-meta":"","header-above-stick-meta":"","header-main-stick-meta":"","header-below-stick-meta":"","astra-migrate-meta-layouts":"default","ast-page-background-enabled":"default","ast-page-background-meta":{"desktop":{"background-color":"var(--ast-global-color-4)","background-image":"","background-repeat":"repeat","background-position":"center center","background-size":"auto","background-attachment":"scroll","background-type":"","background-media":"","overlay-type":"","overlay-color":"","overlay-opacity":"","overlay-gradient":""},"tablet":{"background-color":"","background-image":"","background-repeat":"repeat","background-position":"center center","background-size":"auto","background-attachment":"scroll","background-type":"","background-media":"","overlay-type":"","overlay-color":"","overlay-opacity":"","overlay-gradient":""},"mobile":{"background-color":"","background-image":"","background-repeat":"repeat","background-position":"center center","background-size":"auto","background-attachment":"scroll","background-type":"","background-media":"","overlay-type":"","overlay-color":"","overlay-opacity":"","overlay-gradient":""}},"ast-content-background-meta":{"desktop":{"background-color":"var(--ast-global-color-5)","background-image":"","background-repeat":"repeat","background-position":"center center","background-size":"auto","background-attachment":"scroll","background-type":"","background-media":"","overlay-type":"","overlay-color":"","overlay-opacity":"","overlay-gradient":""},"tablet":{"background-color":"var(--ast-global-color-5)","background-image":"","background-repeat":"repeat","background-position":"center center","background-size":"auto","background-attachment":"scroll","background-type":"","background-media":"","overlay-type":"","overlay-color":"","overlay-opacity":"","overlay-gradient":""},"mobile":{"background-color":"var(--ast-global-color-5)","background-image":"","background-repeat":"repeat","background-position":"center center","background-size":"auto","background-attachment":"scroll","background-type":"","background-media":"","overlay-type":"","overlay-color":"","overlay-opacity":"","overlay-gradient":""}},"footnotes":""},"class_list":["post-2892","page","type-page","status-publish","hentry"],"_links":{"self":[{"href":"https:\/\/observatoirenature.org\/observatorio\/wp-json\/wp\/v2\/pages\/2892","targetHints":{"allow":["GET"]}}],"collection":[{"href":"https:\/\/observatoirenature.org\/observatorio\/wp-json\/wp\/v2\/pages"}],"about":[{"href":"https:\/\/observatoirenature.org\/observatorio\/wp-json\/wp\/v2\/types\/page"}],"author":[{"embeddable":true,"href":"https:\/\/observatoirenature.org\/observatorio\/wp-json\/wp\/v2\/users\/1"}],"replies":[{"embeddable":true,"href":"https:\/\/observatoirenature.org\/observatorio\/wp-json\/wp\/v2\/comments?post=2892"}],"version-history":[{"count":16,"href":"https:\/\/observatoirenature.org\/observatorio\/wp-json\/wp\/v2\/pages\/2892\/revisions"}],"predecessor-version":[{"id":9043,"href":"https:\/\/observatoirenature.org\/observatorio\/wp-json\/wp\/v2\/pages\/2892\/revisions\/9043"}],"wp:attachment":[{"href":"https:\/\/observatoirenature.org\/observatorio\/wp-json\/wp\/v2\/media?parent=2892"}],"curies":[{"name":"wp","href":"https:\/\/api.w.org\/{rel}","templated":true}]}}